{"id":24891,"date":"2019-10-08T11:02:33","date_gmt":"2019-10-08T09:02:33","guid":{"rendered":"https:\/\/www.presi.com\/?post_type=product&#038;p=24891"},"modified":"2022-10-05T10:30:39","modified_gmt":"2022-10-05T08:30:39","slug":"schlifftrockner-fuer-wandmontage","status":"publish","type":"product","link":"https:\/\/www.presi.com\/de\/produkt\/schlifftrockner-fuer-wandmontage\/","title":{"rendered":"Schlifftrockner f\u00fcr Wandmontage"},"content":{"rendered":"<p>Probentrockner in Wandmontage<\/p>\n<p>Beschreibung\/Technische Daten<\/p>\n<p>&#8211; Automatisches Ein- \/ Ausschalten \u00fcber Infrarot-Sensor<br \/>\n&#8211; Luftleistung ca. 53Liter\/Sek<br \/>\n&#8211; Anschlusswert 2,1 KW<br \/>\n&#8211; Nachlaufzeit nach Entfernen der Probe(n) nur ca. 2 Sek!<br \/>\n&#8211; Maximale Trocknungszeit ca. 1min<br \/>\n&#8211; Lufttemperatur ca. 60\u00b0C<br \/>\n&#8211; Ma\u00dfe: B 244 x T 264 x H 200 mm<br \/>\n&#8211; Inklusive Kunststoffleiste zur Wandbefestigung<br \/>\n&#8211; Inkl. Anschlusskabel und Stecker<\/p>\n<p>Achtung: Der Trockner erw\u00e4rmt die angesaugte Luft \u00fcber Heizdr\u00e4hte. Der Trockner darf nicht in einer Atmosph\u00e4re betrieben werden, in denen entz\u00fcndliche Gase in den Trockner gesaugt werden k\u00f6nnen. Der Abstand zwischen Trockner zum Boden oder zu einer Tischplatte muss min 1,1m sein.<\/p>\n","protected":false},"excerpt":{"rendered":"<p>Probentrockner in Wandmontage Beschreibung\/Technische Daten &#8211; Automatisches Ein- \/ Ausschalten \u00fcber Infrarot-Sensor &#8211; Luftleistung ca. 53Liter\/Sek &#8211; Anschlusswert 2,1 KW<\/p>\n","protected":false},"featured_media":24892,"template":"","meta":{"_acf_changed":false},"product_brand":[],"product_cat":[1488],"product_tag":[],"class_list":{"0":"post-24891","1":"product","2":"type-product","3":"status-publish","4":"has-post-thumbnail","6":"product_cat-labormobel-zubehor","8":"first","9":"instock","10":"shipping-taxable","11":"purchasable","12":"product-type-simple"},"acf":[],"yoast_head":"<!-- This site is optimized with the Yoast SEO plugin v27.2 - https:\/\/yoast.com\/product\/yoast-seo-wordpress\/ -->\n<title>Schlifftrockner f\u00fcr Wandmontage - Presi<\/title>\n<meta name=\"robots\" content=\"index, follow, max-snippet:-1, max-image-preview:large, max-video-preview:-1\" \/>\n<link rel=\"canonical\" href=\"https:\/\/www.presi.com\/de\/produkt\/schlifftrockner-fuer-wandmontage\/\" \/>\n<meta property=\"og:locale\" content=\"de_DE\" \/>\n<meta property=\"og:type\" content=\"article\" \/>\n<meta property=\"og:title\" content=\"Schlifftrockner f\u00fcr Wandmontage - Presi\" \/>\n<meta property=\"og:description\" content=\"Probentrockner in Wandmontage Beschreibung\/Technische Daten &#8211; Automatisches Ein- \/ Ausschalten \u00fcber Infrarot-Sensor &#8211; Luftleistung ca. 53Liter\/Sek &#8211; Anschlusswert 2,1 KW\" \/>\n<meta property=\"og:url\" content=\"https:\/\/www.presi.com\/de\/produkt\/schlifftrockner-fuer-wandmontage\/\" \/>\n<meta property=\"og:site_name\" content=\"Presi\" \/>\n<meta property=\"article:modified_time\" content=\"2022-10-05T08:30:39+00:00\" \/>\n<meta property=\"og:image\" content=\"https:\/\/www.presi.com\/wp-content\/uploads\/2019\/10\/Schlifftrockner-Wandmontage.jpg\" \/>\n\t<meta property=\"og:image:width\" content=\"1024\" \/>\n\t<meta property=\"og:image:height\" content=\"1017\" \/>\n\t<meta property=\"og:image:type\" content=\"image\/jpeg\" \/>\n<meta name=\"twitter:card\" content=\"summary_large_image\" \/>\n<meta name=\"twitter:label1\" content=\"Gesch\u00e4tzte Lesezeit\" \/>\n\t<meta name=\"twitter:data1\" content=\"1\u00a0Minute\" \/>\n<script type=\"application\/ld+json\" class=\"yoast-schema-graph\">{\"@context\":\"https:\/\/schema.org\",\"@graph\":[{\"@type\":\"WebPage\",\"@id\":\"https:\/\/www.presi.com\/de\/produkt\/schlifftrockner-fuer-wandmontage\/\",\"url\":\"https:\/\/www.presi.com\/de\/produkt\/schlifftrockner-fuer-wandmontage\/\",\"name\":\"Schlifftrockner f\u00fcr Wandmontage - Presi\",\"isPartOf\":{\"@id\":\"https:\/\/www.presi.com\/en\/#website\"},\"primaryImageOfPage\":{\"@id\":\"https:\/\/www.presi.com\/de\/produkt\/schlifftrockner-fuer-wandmontage\/#primaryimage\"},\"image\":{\"@id\":\"https:\/\/www.presi.com\/de\/produkt\/schlifftrockner-fuer-wandmontage\/#primaryimage\"},\"thumbnailUrl\":\"https:\/\/www.presi.com\/wp-content\/uploads\/2019\/10\/Schlifftrockner-Wandmontage.jpg\",\"datePublished\":\"2019-10-08T09:02:33+00:00\",\"dateModified\":\"2022-10-05T08:30:39+00:00\",\"breadcrumb\":{\"@id\":\"https:\/\/www.presi.com\/de\/produkt\/schlifftrockner-fuer-wandmontage\/#breadcrumb\"},\"inLanguage\":\"de\",\"potentialAction\":[{\"@type\":\"ReadAction\",\"target\":[\"https:\/\/www.presi.com\/de\/produkt\/schlifftrockner-fuer-wandmontage\/\"]}]},{\"@type\":\"ImageObject\",\"inLanguage\":\"de\",\"@id\":\"https:\/\/www.presi.com\/de\/produkt\/schlifftrockner-fuer-wandmontage\/#primaryimage\",\"url\":\"https:\/\/www.presi.com\/wp-content\/uploads\/2019\/10\/Schlifftrockner-Wandmontage.jpg\",\"contentUrl\":\"https:\/\/www.presi.com\/wp-content\/uploads\/2019\/10\/Schlifftrockner-Wandmontage.jpg\",\"width\":1024,\"height\":1017},{\"@type\":\"BreadcrumbList\",\"@id\":\"https:\/\/www.presi.com\/de\/produkt\/schlifftrockner-fuer-wandmontage\/#breadcrumb\",\"itemListElement\":[{\"@type\":\"ListItem\",\"position\":1,\"name\":\"Accueil\",\"item\":\"https:\/\/www.presi.com\/de\/\"},{\"@type\":\"ListItem\",\"position\":2,\"name\":\"Gesch\u00e4ft\",\"item\":\"https:\/\/www.presi.com\/de\/geschaeft\/\"},{\"@type\":\"ListItem\",\"position\":3,\"name\":\"Schlifftrockner f\u00fcr Wandmontage\"}]},{\"@type\":\"WebSite\",\"@id\":\"https:\/\/www.presi.com\/en\/#website\",\"url\":\"https:\/\/www.presi.com\/en\/\",\"name\":\"Presi\",\"description\":\"M\u00e9tallographie - Machines pour analyse micrographique\",\"potentialAction\":[{\"@type\":\"SearchAction\",\"target\":{\"@type\":\"EntryPoint\",\"urlTemplate\":\"https:\/\/www.presi.com\/en\/?s={search_term_string}\"},\"query-input\":{\"@type\":\"PropertyValueSpecification\",\"valueRequired\":true,\"valueName\":\"search_term_string\"}}],\"inLanguage\":\"de\"}]}<\/script>\n<!-- \/ Yoast SEO plugin. -->","yoast_head_json":{"title":"Schlifftrockner f\u00fcr Wandmontage - Presi","robots":{"index":"index","follow":"follow","max-snippet":"max-snippet:-1","max-image-preview":"max-image-preview:large","max-video-preview":"max-video-preview:-1"},"canonical":"https:\/\/www.presi.com\/de\/produkt\/schlifftrockner-fuer-wandmontage\/","og_locale":"de_DE","og_type":"article","og_title":"Schlifftrockner f\u00fcr Wandmontage - Presi","og_description":"Probentrockner in Wandmontage Beschreibung\/Technische Daten &#8211; Automatisches Ein- \/ Ausschalten \u00fcber Infrarot-Sensor &#8211; Luftleistung ca. 53Liter\/Sek &#8211; Anschlusswert 2,1 KW","og_url":"https:\/\/www.presi.com\/de\/produkt\/schlifftrockner-fuer-wandmontage\/","og_site_name":"Presi","article_modified_time":"2022-10-05T08:30:39+00:00","og_image":[{"width":1024,"height":1017,"url":"https:\/\/www.presi.com\/wp-content\/uploads\/2019\/10\/Schlifftrockner-Wandmontage.jpg","type":"image\/jpeg"}],"twitter_card":"summary_large_image","twitter_misc":{"Gesch\u00e4tzte Lesezeit":"1\u00a0Minute"},"schema":{"@context":"https:\/\/schema.org","@graph":[{"@type":"WebPage","@id":"https:\/\/www.presi.com\/de\/produkt\/schlifftrockner-fuer-wandmontage\/","url":"https:\/\/www.presi.com\/de\/produkt\/schlifftrockner-fuer-wandmontage\/","name":"Schlifftrockner f\u00fcr Wandmontage - Presi","isPartOf":{"@id":"https:\/\/www.presi.com\/en\/#website"},"primaryImageOfPage":{"@id":"https:\/\/www.presi.com\/de\/produkt\/schlifftrockner-fuer-wandmontage\/#primaryimage"},"image":{"@id":"https:\/\/www.presi.com\/de\/produkt\/schlifftrockner-fuer-wandmontage\/#primaryimage"},"thumbnailUrl":"https:\/\/www.presi.com\/wp-content\/uploads\/2019\/10\/Schlifftrockner-Wandmontage.jpg","datePublished":"2019-10-08T09:02:33+00:00","dateModified":"2022-10-05T08:30:39+00:00","breadcrumb":{"@id":"https:\/\/www.presi.com\/de\/produkt\/schlifftrockner-fuer-wandmontage\/#breadcrumb"},"inLanguage":"de","potentialAction":[{"@type":"ReadAction","target":["https:\/\/www.presi.com\/de\/produkt\/schlifftrockner-fuer-wandmontage\/"]}]},{"@type":"ImageObject","inLanguage":"de","@id":"https:\/\/www.presi.com\/de\/produkt\/schlifftrockner-fuer-wandmontage\/#primaryimage","url":"https:\/\/www.presi.com\/wp-content\/uploads\/2019\/10\/Schlifftrockner-Wandmontage.jpg","contentUrl":"https:\/\/www.presi.com\/wp-content\/uploads\/2019\/10\/Schlifftrockner-Wandmontage.jpg","width":1024,"height":1017},{"@type":"BreadcrumbList","@id":"https:\/\/www.presi.com\/de\/produkt\/schlifftrockner-fuer-wandmontage\/#breadcrumb","itemListElement":[{"@type":"ListItem","position":1,"name":"Accueil","item":"https:\/\/www.presi.com\/de\/"},{"@type":"ListItem","position":2,"name":"Gesch\u00e4ft","item":"https:\/\/www.presi.com\/de\/geschaeft\/"},{"@type":"ListItem","position":3,"name":"Schlifftrockner f\u00fcr Wandmontage"}]},{"@type":"WebSite","@id":"https:\/\/www.presi.com\/en\/#website","url":"https:\/\/www.presi.com\/en\/","name":"Presi","description":"M\u00e9tallographie - Machines pour analyse micrographique","potentialAction":[{"@type":"SearchAction","target":{"@type":"EntryPoint","urlTemplate":"https:\/\/www.presi.com\/en\/?s={search_term_string}"},"query-input":{"@type":"PropertyValueSpecification","valueRequired":true,"valueName":"search_term_string"}}],"inLanguage":"de"}]}},"_links":{"self":[{"href":"https:\/\/www.presi.com\/de\/wp-json\/wp\/v2\/product\/24891","targetHints":{"allow":["GET"]}}],"collection":[{"href":"https:\/\/www.presi.com\/de\/wp-json\/wp\/v2\/product"}],"about":[{"href":"https:\/\/www.presi.com\/de\/wp-json\/wp\/v2\/types\/product"}],"wp:featuredmedia":[{"embeddable":true,"href":"https:\/\/www.presi.com\/de\/wp-json\/wp\/v2\/media\/24892"}],"wp:attachment":[{"href":"https:\/\/www.presi.com\/de\/wp-json\/wp\/v2\/media?parent=24891"}],"wp:term":[{"taxonomy":"product_brand","embeddable":true,"href":"https:\/\/www.presi.com\/de\/wp-json\/wp\/v2\/product_brand?post=24891"},{"taxonomy":"product_cat","embeddable":true,"href":"https:\/\/www.presi.com\/de\/wp-json\/wp\/v2\/product_cat?post=24891"},{"taxonomy":"product_tag","embeddable":true,"href":"https:\/\/www.presi.com\/de\/wp-json\/wp\/v2\/product_tag?post=24891"}],"curies":[{"name":"wp","href":"https:\/\/api.w.org\/{rel}","templated":true}]}}